{"id":13136,"date":"2024-10-16T10:31:05","date_gmt":"2024-10-16T08:31:05","guid":{"rendered":"https:\/\/zielone-migdaly.pl\/?post_type=product&#038;p=13136"},"modified":"2025-02-16T14:40:34","modified_gmt":"2025-02-16T13:40:34","slug":"ceramiczny-kufel-z-amorkiem-bogucice-2","status":"publish","type":"product","link":"https:\/\/zielone-migdaly.pl\/index.php\/produkt\/ceramiczny-kufel-z-amorkiem-bogucice-2\/","title":{"rendered":"Ceramiczny kufel z amorkiem &#8211; Bogucice"},"content":{"rendered":"<p>Ceramiczny kufel z amorkiem i br\u0105zow\u0105 dekoracj\u0105 wykonany w zak\u0142adach Bogucice.<\/p>\n<p><span data-sheets-root=\"1\">Wysoko\u015b\u0107 15,5cm, \u015brednica na g\u00f3rze 8cm. <\/span><\/p>\n<p><span data-sheets-root=\"1\">Stan bardzo dobry, skaza fabryczna na boku. <\/span><\/p>\n","protected":false},"excerpt":{"rendered":"<p>Ceramiczny kufel z amorkiem i br\u0105zow\u0105 dekoracj\u0105 wykonany w zak\u0142adach Bogucice. Wysoko\u015b\u0107 15,5cm, \u015brednica na g\u00f3rze 8cm. Stan bardzo dobry, skaza fabryczna na boku.<\/p>\n","protected":false},"featured_media":13117,"template":"","meta":[],"product_cat":[52],"product_tag":[1500,328,287,173,73,506,71],"yoast_head":"<!-- This site is optimized with the Yoast SEO plugin v23.0 - https:\/\/yoast.com\/wordpress\/plugins\/seo\/ -->\n<title>Ceramiczny kufel z amorkiem - Bogucice - Zielone Migda\u0142y<\/title>\n<meta name=\"description\" content=\"Ceramiczny kufel z amorkiem i br\u0105zow\u0105 dekoracj\u0105 wykonany w zak\u0142adach Bogucice. Wysoko\u015b\u0107 15,5cm, \u015brednica na g\u00f3rze 8cm. Stan bardzo dobry.\" \/>\n<meta name=\"robots\" content=\"index, follow, max-snippet:-1, max-image-preview:large, max-video-preview:-1\" \/>\n<link rel=\"canonical\" href=\"https:\/\/zielone-migdaly.pl\/index.php\/produkt\/ceramiczny-kufel-z-amorkiem-bogucice-2\/\" \/>\n<meta property=\"og:locale\" content=\"pl_PL\" \/>\n<meta property=\"og:type\" content=\"article\" \/>\n<meta property=\"og:title\" content=\"Ceramiczny kufel z amorkiem - Bogucice - Zielone Migda\u0142y\" \/>\n<meta property=\"og:description\" content=\"Ceramiczny kufel z amorkiem i br\u0105zow\u0105 dekoracj\u0105 wykonany w zak\u0142adach Bogucice. Wysoko\u015b\u0107 15,5cm, \u015brednica na g\u00f3rze 8cm. Stan bardzo dobry.\" \/>\n<meta property=\"og:url\" content=\"https:\/\/zielone-migdaly.pl\/index.php\/produkt\/ceramiczny-kufel-z-amorkiem-bogucice-2\/\" \/>\n<meta property=\"og:site_name\" content=\"Zielone Migda\u0142y\" \/>\n<meta property=\"article:publisher\" content=\"https:\/\/www.facebook.com\/lubiezielonemigdaly\" \/>\n<meta property=\"article:modified_time\" content=\"2025-02-16T13:40:34+00:00\" \/>\n<meta property=\"og:image\" content=\"https:\/\/zielone-migdaly.pl\/wp-content\/uploads\/2024\/10\/zielone-migdaly-zz113.jpg\" \/>\n\t<meta property=\"og:image:width\" content=\"500\" \/>\n\t<meta property=\"og:image:height\" content=\"750\" \/>\n\t<meta property=\"og:image:type\" content=\"image\/jpeg\" \/>\n<meta name=\"twitter:card\" content=\"summary_large_image\" \/>\n<script type=\"application\/ld+json\" class=\"yoast-schema-graph\">{\"@context\":\"https:\/\/schema.org\",\"@graph\":[{\"@type\":\"WebPage\",\"@id\":\"https:\/\/zielone-migdaly.pl\/index.php\/produkt\/ceramiczny-kufel-z-amorkiem-bogucice-2\/\",\"url\":\"https:\/\/zielone-migdaly.pl\/index.php\/produkt\/ceramiczny-kufel-z-amorkiem-bogucice-2\/\",\"name\":\"Ceramiczny kufel z amorkiem - Bogucice - Zielone Migda\u0142y\",\"isPartOf\":{\"@id\":\"https:\/\/zielone-migdaly.pl\/#website\"},\"primaryImageOfPage\":{\"@id\":\"https:\/\/zielone-migdaly.pl\/index.php\/produkt\/ceramiczny-kufel-z-amorkiem-bogucice-2\/#primaryimage\"},\"image\":{\"@id\":\"https:\/\/zielone-migdaly.pl\/index.php\/produkt\/ceramiczny-kufel-z-amorkiem-bogucice-2\/#primaryimage\"},\"thumbnailUrl\":\"https:\/\/zielone-migdaly.pl\/wp-content\/uploads\/2024\/10\/zielone-migdaly-zz113.jpg\",\"datePublished\":\"2024-10-16T08:31:05+00:00\",\"dateModified\":\"2025-02-16T13:40:34+00:00\",\"description\":\"Ceramiczny kufel z amorkiem i br\u0105zow\u0105 dekoracj\u0105 wykonany w zak\u0142adach Bogucice. Wysoko\u015b\u0107 15,5cm, \u015brednica na g\u00f3rze 8cm. Stan bardzo dobry.\",\"breadcrumb\":{\"@id\":\"https:\/\/zielone-migdaly.pl\/index.php\/produkt\/ceramiczny-kufel-z-amorkiem-bogucice-2\/#breadcrumb\"},\"inLanguage\":\"pl-PL\",\"potentialAction\":[{\"@type\":\"ReadAction\",\"target\":[\"https:\/\/zielone-migdaly.pl\/index.php\/produkt\/ceramiczny-kufel-z-amorkiem-bogucice-2\/\"]}]},{\"@type\":\"ImageObject\",\"inLanguage\":\"pl-PL\",\"@id\":\"https:\/\/zielone-migdaly.pl\/index.php\/produkt\/ceramiczny-kufel-z-amorkiem-bogucice-2\/#primaryimage\",\"url\":\"https:\/\/zielone-migdaly.pl\/wp-content\/uploads\/2024\/10\/zielone-migdaly-zz113.jpg\",\"contentUrl\":\"https:\/\/zielone-migdaly.pl\/wp-content\/uploads\/2024\/10\/zielone-migdaly-zz113.jpg\",\"width\":500,\"height\":750},{\"@type\":\"BreadcrumbList\",\"@id\":\"https:\/\/zielone-migdaly.pl\/index.php\/produkt\/ceramiczny-kufel-z-amorkiem-bogucice-2\/#breadcrumb\",\"itemListElement\":[{\"@type\":\"ListItem\",\"position\":1,\"name\":\"Strona g\u0142\u00f3wna\",\"item\":\"https:\/\/zielone-migdaly.pl\/\"},{\"@type\":\"ListItem\",\"position\":2,\"name\":\"Sklep\",\"item\":\"https:\/\/zielone-migdaly.pl\/index.php\/sklep\/\"},{\"@type\":\"ListItem\",\"position\":3,\"name\":\"Ceramiczny kufel z amorkiem &#8211; Bogucice\"}]},{\"@type\":\"WebSite\",\"@id\":\"https:\/\/zielone-migdaly.pl\/#website\",\"url\":\"https:\/\/zielone-migdaly.pl\/\",\"name\":\"Zielone Migda\u0142y\",\"description\":\"Sklep Vintage\",\"publisher\":{\"@id\":\"https:\/\/zielone-migdaly.pl\/#organization\"},\"potentialAction\":[{\"@type\":\"SearchAction\",\"target\":{\"@type\":\"EntryPoint\",\"urlTemplate\":\"https:\/\/zielone-migdaly.pl\/?s={search_term_string}\"},\"query-input\":\"required name=search_term_string\"}],\"inLanguage\":\"pl-PL\"},{\"@type\":\"Organization\",\"@id\":\"https:\/\/zielone-migdaly.pl\/#organization\",\"name\":\"Zielone Migda\u0142y\",\"url\":\"https:\/\/zielone-migdaly.pl\/\",\"logo\":{\"@type\":\"ImageObject\",\"inLanguage\":\"pl-PL\",\"@id\":\"https:\/\/zielone-migdaly.pl\/#\/schema\/logo\/image\/\",\"url\":\"https:\/\/zielone-migdaly.pl\/wp-content\/uploads\/2021\/11\/Zielone-Migdaly-Logo-WEB-2.png\",\"contentUrl\":\"https:\/\/zielone-migdaly.pl\/wp-content\/uploads\/2021\/11\/Zielone-Migdaly-Logo-WEB-2.png\",\"width\":500,\"height\":190,\"caption\":\"Zielone Migda\u0142y\"},\"image\":{\"@id\":\"https:\/\/zielone-migdaly.pl\/#\/schema\/logo\/image\/\"},\"sameAs\":[\"https:\/\/www.facebook.com\/lubiezielonemigdaly\",\"https:\/\/www.instagram.com\/lubie_zielone_migdaly\/\"]}]}<\/script>\n<!-- \/ Yoast SEO plugin. -->","yoast_head_json":{"title":"Ceramiczny kufel z amorkiem - Bogucice - Zielone Migda\u0142y","description":"Ceramiczny kufel z amorkiem i br\u0105zow\u0105 dekoracj\u0105 wykonany w zak\u0142adach Bogucice. Wysoko\u015b\u0107 15,5cm, \u015brednica na g\u00f3rze 8cm. Stan bardzo dobry.","robots":{"index":"index","follow":"follow","max-snippet":"max-snippet:-1","max-image-preview":"max-image-preview:large","max-video-preview":"max-video-preview:-1"},"canonical":"https:\/\/zielone-migdaly.pl\/index.php\/produkt\/ceramiczny-kufel-z-amorkiem-bogucice-2\/","og_locale":"pl_PL","og_type":"article","og_title":"Ceramiczny kufel z amorkiem - Bogucice - Zielone Migda\u0142y","og_description":"Ceramiczny kufel z amorkiem i br\u0105zow\u0105 dekoracj\u0105 wykonany w zak\u0142adach Bogucice. Wysoko\u015b\u0107 15,5cm, \u015brednica na g\u00f3rze 8cm. Stan bardzo dobry.","og_url":"https:\/\/zielone-migdaly.pl\/index.php\/produkt\/ceramiczny-kufel-z-amorkiem-bogucice-2\/","og_site_name":"Zielone Migda\u0142y","article_publisher":"https:\/\/www.facebook.com\/lubiezielonemigdaly","article_modified_time":"2025-02-16T13:40:34+00:00","og_image":[{"width":500,"height":750,"url":"https:\/\/zielone-migdaly.pl\/wp-content\/uploads\/2024\/10\/zielone-migdaly-zz113.jpg","type":"image\/jpeg"}],"twitter_card":"summary_large_image","schema":{"@context":"https:\/\/schema.org","@graph":[{"@type":"WebPage","@id":"https:\/\/zielone-migdaly.pl\/index.php\/produkt\/ceramiczny-kufel-z-amorkiem-bogucice-2\/","url":"https:\/\/zielone-migdaly.pl\/index.php\/produkt\/ceramiczny-kufel-z-amorkiem-bogucice-2\/","name":"Ceramiczny kufel z amorkiem - Bogucice - Zielone Migda\u0142y","isPartOf":{"@id":"https:\/\/zielone-migdaly.pl\/#website"},"primaryImageOfPage":{"@id":"https:\/\/zielone-migdaly.pl\/index.php\/produkt\/ceramiczny-kufel-z-amorkiem-bogucice-2\/#primaryimage"},"image":{"@id":"https:\/\/zielone-migdaly.pl\/index.php\/produkt\/ceramiczny-kufel-z-amorkiem-bogucice-2\/#primaryimage"},"thumbnailUrl":"https:\/\/zielone-migdaly.pl\/wp-content\/uploads\/2024\/10\/zielone-migdaly-zz113.jpg","datePublished":"2024-10-16T08:31:05+00:00","dateModified":"2025-02-16T13:40:34+00:00","description":"Ceramiczny kufel z amorkiem i br\u0105zow\u0105 dekoracj\u0105 wykonany w zak\u0142adach Bogucice. Wysoko\u015b\u0107 15,5cm, \u015brednica na g\u00f3rze 8cm. Stan bardzo dobry.","breadcrumb":{"@id":"https:\/\/zielone-migdaly.pl\/index.php\/produkt\/ceramiczny-kufel-z-amorkiem-bogucice-2\/#breadcrumb"},"inLanguage":"pl-PL","potentialAction":[{"@type":"ReadAction","target":["https:\/\/zielone-migdaly.pl\/index.php\/produkt\/ceramiczny-kufel-z-amorkiem-bogucice-2\/"]}]},{"@type":"ImageObject","inLanguage":"pl-PL","@id":"https:\/\/zielone-migdaly.pl\/index.php\/produkt\/ceramiczny-kufel-z-amorkiem-bogucice-2\/#primaryimage","url":"https:\/\/zielone-migdaly.pl\/wp-content\/uploads\/2024\/10\/zielone-migdaly-zz113.jpg","contentUrl":"https:\/\/zielone-migdaly.pl\/wp-content\/uploads\/2024\/10\/zielone-migdaly-zz113.jpg","width":500,"height":750},{"@type":"BreadcrumbList","@id":"https:\/\/zielone-migdaly.pl\/index.php\/produkt\/ceramiczny-kufel-z-amorkiem-bogucice-2\/#breadcrumb","itemListElement":[{"@type":"ListItem","position":1,"name":"Strona g\u0142\u00f3wna","item":"https:\/\/zielone-migdaly.pl\/"},{"@type":"ListItem","position":2,"name":"Sklep","item":"https:\/\/zielone-migdaly.pl\/index.php\/sklep\/"},{"@type":"ListItem","position":3,"name":"Ceramiczny kufel z amorkiem &#8211; Bogucice"}]},{"@type":"WebSite","@id":"https:\/\/zielone-migdaly.pl\/#website","url":"https:\/\/zielone-migdaly.pl\/","name":"Zielone Migda\u0142y","description":"Sklep Vintage","publisher":{"@id":"https:\/\/zielone-migdaly.pl\/#organization"},"potentialAction":[{"@type":"SearchAction","target":{"@type":"EntryPoint","urlTemplate":"https:\/\/zielone-migdaly.pl\/?s={search_term_string}"},"query-input":"required name=search_term_string"}],"inLanguage":"pl-PL"},{"@type":"Organization","@id":"https:\/\/zielone-migdaly.pl\/#organization","name":"Zielone Migda\u0142y","url":"https:\/\/zielone-migdaly.pl\/","logo":{"@type":"ImageObject","inLanguage":"pl-PL","@id":"https:\/\/zielone-migdaly.pl\/#\/schema\/logo\/image\/","url":"https:\/\/zielone-migdaly.pl\/wp-content\/uploads\/2021\/11\/Zielone-Migdaly-Logo-WEB-2.png","contentUrl":"https:\/\/zielone-migdaly.pl\/wp-content\/uploads\/2021\/11\/Zielone-Migdaly-Logo-WEB-2.png","width":500,"height":190,"caption":"Zielone Migda\u0142y"},"image":{"@id":"https:\/\/zielone-migdaly.pl\/#\/schema\/logo\/image\/"},"sameAs":["https:\/\/www.facebook.com\/lubiezielonemigdaly","https:\/\/www.instagram.com\/lubie_zielone_migdaly\/"]}]}},"_links":{"self":[{"href":"https:\/\/zielone-migdaly.pl\/index.php\/wp-json\/wp\/v2\/product\/13136"}],"collection":[{"href":"https:\/\/zielone-migdaly.pl\/index.php\/wp-json\/wp\/v2\/product"}],"about":[{"href":"https:\/\/zielone-migdaly.pl\/index.php\/wp-json\/wp\/v2\/types\/product"}],"wp:featuredmedia":[{"embeddable":true,"href":"https:\/\/zielone-migdaly.pl\/index.php\/wp-json\/wp\/v2\/media\/13117"}],"wp:attachment":[{"href":"https:\/\/zielone-migdaly.pl\/index.php\/wp-json\/wp\/v2\/media?parent=13136"}],"wp:term":[{"taxonomy":"product_cat","embeddable":true,"href":"https:\/\/zielone-migdaly.pl\/index.php\/wp-json\/wp\/v2\/product_cat?post=13136"},{"taxonomy":"product_tag","embeddable":true,"href":"https:\/\/zielone-migdaly.pl\/index.php\/wp-json\/wp\/v2\/product_tag?post=13136"}],"curies":[{"name":"wp","href":"https:\/\/api.w.org\/{rel}","templated":true}]}}